{"version":"1.0","provider_name":"228 News","provider_url":"https:\/\/228news.tg","author_name":"Bienvenu SAVI","author_url":"https:\/\/228news.tg\/index.php\/author\/bienvenu\/","title":"Conf\u00e9rence minist\u00e9rielle de la Francophonie: Paris g\u00e8re - 228 News","type":"rich","width":600,"height":338,"html":"<blockquote class=\"wp-embedded-content\" data-secret=\"eqEmkvaPea\"><a href=\"https:\/\/228news.tg\/index.php\/2017\/10\/25\/conference-ministerielle-de-la-francophonie-paris-gere\/\">Conf\u00e9rence minist\u00e9rielle de la Francophonie: Paris g\u00e8re<\/a><\/blockquote><iframe sandbox=\"allow-scripts\" security=\"restricted\" src=\"https:\/\/228news.tg\/index.php\/2017\/10\/25\/conference-ministerielle-de-la-francophonie-paris-gere\/embed\/#?secret=eqEmkvaPea\" width=\"600\" height=\"338\" title=\"\u00ab\u00a0Conf\u00e9rence minist\u00e9rielle de la Francophonie: Paris g\u00e8re\u00a0\u00bb &#8212; 228 News\" data-secret=\"eqEmkvaPea\" frameborder=\"0\" marginwidth=\"0\" marginheight=\"0\" scrolling=\"no\" class=\"wp-embedded-content\"><\/iframe><script>\n\/*! This file is auto-generated *\/\n!function(d,l){\"use strict\";l.querySelector&&d.addEventListener&&\"undefined\"!=typeof URL&&(d.wp=d.wp||{},d.wp.receiveEmbedMessage||(d.wp.receiveEmbedMessage=function(e){var t=e.data;if((t||t.secret||t.message||t.value)&&!\/[^a-zA-Z0-9]\/.test(t.secret)){for(var s,r,n,a=l.querySelectorAll('iframe[data-secret=\"'+t.secret+'\"]'),o=l.querySelectorAll('blockquote[data-secret=\"'+t.secret+'\"]'),c=new RegExp(\"^https?:$\",\"i\"),i=0;i<o.length;i++)o[i].style.display=\"none\";for(i=0;i<a.length;i++)s=a[i],e.source===s.contentWindow&&(s.removeAttribute(\"style\"),\"height\"===t.message?(1e3<(r=parseInt(t.value,10))?r=1e3:~~r<200&&(r=200),s.height=r):\"link\"===t.message&&(r=new URL(s.getAttribute(\"src\")),n=new URL(t.value),c.test(n.protocol))&&n.host===r.host&&l.activeElement===s&&(d.top.location.href=t.value))}},d.addEventListener(\"message\",d.wp.receiveEmbedMessage,!1),l.addEventListener(\"DOMContentLoaded\",function(){for(var e,t,s=l.querySelectorAll(\"iframe.wp-embedded-content\"),r=0;r<s.length;r++)(t=(e=s[r]).getAttribute(\"data-secret\"))||(t=Math.random().toString(36).substring(2,12),e.src+=\"#?secret=\"+t,e.setAttribute(\"data-secret\",t)),e.contentWindow.postMessage({message:\"ready\",secret:t},\"*\")},!1)))}(window,document);\n\/\/# sourceURL=https:\/\/228news.tg\/wp-includes\/js\/wp-embed.min.js\n<\/script>\n","thumbnail_url":"https:\/\/228news.tg\/wp-content\/uploads\/2024\/09\/telechargement-2.png","thumbnail_width":344,"thumbnail_height":146,"description":"Un jour apr\u00e8s le report annonc\u00e9 par le Togo de la Conf\u00e9rence des ministres de la Francophonie pr\u00e9vue pour se tenir \u00e0 Lom\u00e9 les 25 et 26 novembre prochains \u00e0 une date ult\u00e9rieure, l&rsquo;Organisation a sorti un communiqu\u00e9 pour plut\u00f4t parler d&rsquo;une renonciation du pouvoir de Lom\u00e9. Ainsi , la Conf\u00e9rence minist\u00e9rielle de la francophonie ... Lire la suite"}