{"version":"1.0","provider_name":"228 News","provider_url":"https:\/\/228news.tg","author_name":"Bienvenu SAVI","author_url":"https:\/\/228news.tg\/index.php\/author\/bienvenu\/","title":"L'Eglise aux c\u00f4t\u00e9s du \"peuple\" - 228 News","type":"rich","width":600,"height":338,"html":"<blockquote class=\"wp-embedded-content\" data-secret=\"ZS6d0b0ZQT\"><a href=\"https:\/\/228news.tg\/index.php\/2017\/09\/18\/leglise-aux-cotes-du-peuple-2\/\">L&rsquo;Eglise aux c\u00f4t\u00e9s du \u00ab\u00a0peuple\u00a0\u00bb<\/a><\/blockquote><iframe sandbox=\"allow-scripts\" security=\"restricted\" src=\"https:\/\/228news.tg\/index.php\/2017\/09\/18\/leglise-aux-cotes-du-peuple-2\/embed\/#?secret=ZS6d0b0ZQT\" width=\"600\" height=\"338\" title=\"\u00ab\u00a0L&rsquo;Eglise aux c\u00f4t\u00e9s du \u00ab\u00a0peuple\u00a0\u00bb\u00a0\u00bb &#8212; 228 News\" data-secret=\"ZS6d0b0ZQT\" frameborder=\"0\" marginwidth=\"0\" marginheight=\"0\" scrolling=\"no\" class=\"wp-embedded-content\"><\/iframe><script>\n\/*! This file is auto-generated *\/\n!function(d,l){\"use strict\";l.querySelector&&d.addEventListener&&\"undefined\"!=typeof URL&&(d.wp=d.wp||{},d.wp.receiveEmbedMessage||(d.wp.receiveEmbedMessage=function(e){var t=e.data;if((t||t.secret||t.message||t.value)&&!\/[^a-zA-Z0-9]\/.test(t.secret)){for(var s,r,n,a=l.querySelectorAll('iframe[data-secret=\"'+t.secret+'\"]'),o=l.querySelectorAll('blockquote[data-secret=\"'+t.secret+'\"]'),c=new RegExp(\"^https?:$\",\"i\"),i=0;i<o.length;i++)o[i].style.display=\"none\";for(i=0;i<a.length;i++)s=a[i],e.source===s.contentWindow&&(s.removeAttribute(\"style\"),\"height\"===t.message?(1e3<(r=parseInt(t.value,10))?r=1e3:~~r<200&&(r=200),s.height=r):\"link\"===t.message&&(r=new URL(s.getAttribute(\"src\")),n=new URL(t.value),c.test(n.protocol))&&n.host===r.host&&l.activeElement===s&&(d.top.location.href=t.value))}},d.addEventListener(\"message\",d.wp.receiveEmbedMessage,!1),l.addEventListener(\"DOMContentLoaded\",function(){for(var e,t,s=l.querySelectorAll(\"iframe.wp-embedded-content\"),r=0;r<s.length;r++)(t=(e=s[r]).getAttribute(\"data-secret\"))||(t=Math.random().toString(36).substring(2,12),e.src+=\"#?secret=\"+t,e.setAttribute(\"data-secret\",t)),e.contentWindow.postMessage({message:\"ready\",secret:t},\"*\")},!1)))}(window,document);\n\/\/# sourceURL=https:\/\/228news.tg\/wp-includes\/js\/wp-embed.min.js\n<\/script>\n","thumbnail_url":null,"thumbnail_width":null,"thumbnail_height":null,"description":"Apr\u00e8s avoir appel\u00e9 l&rsquo;ensemble de la communaut\u00e9 catholique \u00e0 prier pour le Togo ce dimanche 17 septembre, la conf\u00e9rence des Ev\u00eaques du Togo a rendu publique une d\u00e9claration sur la situation sociopolitique actuelle du Togo. Elle interpelle vivement les acteurs de la vie sociopolitique du pays \u00e0 \u0153uvrer sans cesse pour le retour \u00e0 la ... Lire la suite"}