{"version":"1.0","provider_name":"228 News","provider_url":"https:\/\/228news.tg","author_name":"Bienvenu SAVI","author_url":"https:\/\/228news.tg\/index.php\/author\/bienvenu\/","title":"BorneFonden pour une \u00e9cole d\u2019avenir au Togo - 228 News","type":"rich","width":600,"height":338,"html":"<blockquote class=\"wp-embedded-content\" data-secret=\"HdIkE7melF\"><a href=\"https:\/\/228news.tg\/index.php\/2017\/09\/18\/bornefonden-pour-une-ecole-davenir-au-togo-2\/\">BorneFonden pour une \u00e9cole d\u2019avenir au Togo<\/a><\/blockquote><iframe sandbox=\"allow-scripts\" security=\"restricted\" src=\"https:\/\/228news.tg\/index.php\/2017\/09\/18\/bornefonden-pour-une-ecole-davenir-au-togo-2\/embed\/#?secret=HdIkE7melF\" width=\"600\" height=\"338\" title=\"\u00ab\u00a0BorneFonden pour une \u00e9cole d\u2019avenir au Togo\u00a0\u00bb &#8212; 228 News\" data-secret=\"HdIkE7melF\" frameborder=\"0\" marginwidth=\"0\" marginheight=\"0\" scrolling=\"no\" class=\"wp-embedded-content\"><\/iframe><script>\n\/*! This file is auto-generated *\/\n!function(d,l){\"use strict\";l.querySelector&&d.addEventListener&&\"undefined\"!=typeof URL&&(d.wp=d.wp||{},d.wp.receiveEmbedMessage||(d.wp.receiveEmbedMessage=function(e){var t=e.data;if((t||t.secret||t.message||t.value)&&!\/[^a-zA-Z0-9]\/.test(t.secret)){for(var s,r,n,a=l.querySelectorAll('iframe[data-secret=\"'+t.secret+'\"]'),o=l.querySelectorAll('blockquote[data-secret=\"'+t.secret+'\"]'),c=new RegExp(\"^https?:$\",\"i\"),i=0;i<o.length;i++)o[i].style.display=\"none\";for(i=0;i<a.length;i++)s=a[i],e.source===s.contentWindow&&(s.removeAttribute(\"style\"),\"height\"===t.message?(1e3<(r=parseInt(t.value,10))?r=1e3:~~r<200&&(r=200),s.height=r):\"link\"===t.message&&(r=new URL(s.getAttribute(\"src\")),n=new URL(t.value),c.test(n.protocol))&&n.host===r.host&&l.activeElement===s&&(d.top.location.href=t.value))}},d.addEventListener(\"message\",d.wp.receiveEmbedMessage,!1),l.addEventListener(\"DOMContentLoaded\",function(){for(var e,t,s=l.querySelectorAll(\"iframe.wp-embedded-content\"),r=0;r<s.length;r++)(t=(e=s[r]).getAttribute(\"data-secret\"))||(t=Math.random().toString(36).substring(2,12),e.src+=\"#?secret=\"+t,e.setAttribute(\"data-secret\",t)),e.contentWindow.postMessage({message:\"ready\",secret:t},\"*\")},!1)))}(window,document);\n\/\/# sourceURL=https:\/\/228news.tg\/wp-includes\/js\/wp-embed.min.js\n<\/script>\n","thumbnail_url":null,"thumbnail_width":null,"thumbnail_height":null,"description":"\u00ab\u00a0\u00c9cole de l\u2019avenir\u00a0\u2013 Renforcer le Potentiel des Jeunes\u00a0\u00bb, tel est le pprojet lanc\u00e9 ce vendredi 15 septembre par M. Georges A\u00efdam, ministre de l\u2019enseignement technique et de la formation professionnelle. Visant \u00e0 renforcer les comp\u00e9tences techniques des enseignants sur les nouvelles m\u00e9thodes d\u2019apprentissage et cr\u00e9er chez les adolescents et jeunes, l\u2019esprit d\u2019entreprenariat indispensable \u00e0 l\u2019am\u00e9lioration ... Lire la suite"}